{"id":688,"date":"2022-12-11T10:41:26","date_gmt":"2022-12-11T10:41:26","guid":{"rendered":"https:\/\/atloncrest.com\/dev\/aiil-iadi\/?post_type=profile&#038;p=688"},"modified":"2022-12-28T12:05:26","modified_gmt":"2022-12-28T12:05:26","slug":"judge-vagn-pruesse-joensen","status":"publish","type":"profile","link":"https:\/\/aiil-iadi.org\/fr\/profile\/judge-vagn-pruesse-joensen\/","title":{"rendered":"Juge Vagn Pruesse Joensen"},"content":{"rendered":"<p>Le juge Vagn Pruesse Joensen (Danemark) est un juge du M\u00e9canisme international r\u00e9siduel pour les tribunaux p\u00e9naux (MIRT) et juge de permanence \u00e0 la branche du M\u00e9canisme \u00e0 Arusha (Tanzanie) depuis la cr\u00e9ation du M\u00e9canisme en juillet 2012. Le M\u00e9canisme est le successeur du Tribunal p\u00e9nal international pour le Rwanda (TPIR) et du Tribunal p\u00e9nal international pour l\u2019ex-Yougoslavie (TPIY).<\/p>\n\n\n\n<p>Le juge Joensen a \u00e9t\u00e9 le dernier pr\u00e9sident et juge-pr\u00e9sident de la chambre de premi\u00e8re instance du TPIR. Il a \u00e9t\u00e9 \u00e9lu pour la premi\u00e8re fois pr\u00e9sident du TPIR lors d\u2019une \u00e9lection sp\u00e9ciale tenue en f\u00e9vrier 2012 pour occuper le si\u00e8ge de la pr\u00e9sidente sortante en raison de son affectation \u00e0 la Chambre d\u2019appel. Il a \u00e9t\u00e9 r\u00e9\u00e9lu pr\u00e9sident du TPIR en avril 2013 pour un second mandat et en avril 2015 pour la p\u00e9riode restante jusqu\u2019\u00e0 la fermeture du TPIR le 31 d\u00e9cembre 2015.<\/p>\n\n\n\n<p>Le juge Joensen a rejoint le TPIR en mai 2007 en qualit\u00e9 de juge ad litem et membre de la Chambre de premi\u00e8re instance III et a \u00e9t\u00e9 le pr\u00e9sident du Comit\u00e9 du R\u00e8glement du Tribunal depuis sa cr\u00e9ation en 2007. Il a ensuite \u00e9t\u00e9 vice-pr\u00e9sident du Tribunal d\u2019ao\u00fbt 2011 \u00e0 f\u00e9vrier 2012.<\/p>\n\n\n\n<p>Avant de rejoindre le TPIR, le juge Joensen a \u00e9t\u00e9 juge \u00e0 la Haute Cour du Danemark, Division orientale, \u00e0 Copenhague pendant plus de dix ans et a \u00e9t\u00e9 juge international \u00e0 la Mission des Nations Unies au Kosovo (MINUK) de 2001 \u00e0 2002. N\u00e9 en 1950, le juge Joensen a obtenu une ma\u00eetrise en droit en 1973 \u00e0 l\u2019Universit\u00e9 d\u2019Aarhus, et a \u00e9tudi\u00e9 au City of London College et \u00e0 la Harvard Law School. Le juge Joensen a travaill\u00e9 au Minist\u00e8re danois de la justice jusqu\u2019\u00e0 ce qu\u2019il soit nomm\u00e9 juge au Tribunal municipal de Copenhague en 1982. Il a enseign\u00e9 le droit constitutionnel, p\u00e9nal et civil \u00e0 la facult\u00e9 de droit de l\u2019Universit\u00e9 d\u2019Aarhus et de l\u2019Universit\u00e9 de Copenhague.<\/p>","protected":false},"featured_media":692,"template":"","membership":[13],"class_list":["post-688","profile","type-profile","status-publish","has-post-thumbnail","hentry","membership-administrative-committee"],"acf":[],"_links":{"self":[{"href":"https:\/\/aiil-iadi.org\/fr\/wp-json\/wp\/v2\/profile\/688","targetHints":{"allow":["GET"]}}],"collection":[{"href":"https:\/\/aiil-iadi.org\/fr\/wp-json\/wp\/v2\/profile"}],"about":[{"href":"https:\/\/aiil-iadi.org\/fr\/wp-json\/wp\/v2\/types\/profile"}],"wp:featuredmedia":[{"embeddable":true,"href":"https:\/\/aiil-iadi.org\/fr\/wp-json\/wp\/v2\/media\/692"}],"wp:attachment":[{"href":"https:\/\/aiil-iadi.org\/fr\/wp-json\/wp\/v2\/media?parent=688"}],"wp:term":[{"taxonomy":"membership","embeddable":true,"href":"https:\/\/aiil-iadi.org\/fr\/wp-json\/wp\/v2\/membership?post=688"}],"curies":[{"name":"wp","href":"https:\/\/api.w.org\/{rel}","templated":true}]}}